{"id":53,"date":"2021-02-22T13:04:50","date_gmt":"2021-02-22T11:04:50","guid":{"rendered":"http:\/\/craniosacral.ro\/w\/?page_id=53"},"modified":"2021-02-23T12:33:39","modified_gmt":"2021-02-23T10:33:39","slug":"terapii","status":"publish","type":"page","link":"https:\/\/craniosacral.ro\/w\/terapii\/","title":{"rendered":"Terapii"},"content":{"rendered":"<p>[et_pb_section fb_built=&#8221;1&#8243; _builder_version=&#8221;4.9.0&#8243; _module_preset=&#8221;default&#8221;][et_pb_row column_structure=&#8221;1_2,1_2&#8243; _builder_version=&#8221;4.9.0&#8243; _module_preset=&#8221;default&#8221;][et_pb_column type=&#8221;1_2&#8243; _builder_version=&#8221;4.9.0&#8243; _module_preset=&#8221;default&#8221;][et_pb_blurb title=&#8221;Terapia Cranio-Sacral\u0103&#8221; image=&#8221;http:\/\/craniosacral.ro\/w\/wp-content\/uploads\/2021\/02\/Webp.net-resizeimage-2.jpg&#8221; _builder_version=&#8221;4.9.0&#8243; _module_preset=&#8221;default&#8221;]<\/p>\n<p><span>Terapia CranioSacral\u0103 cuprinde o multitudine de tehnici manuale care <\/span><span class=\"word\" data-words=\"stimuleaz\u0103,stimuleaza\">stimuleaz\u0103<\/span><span> procesul natural <\/span><span class=\"word\" data-words=\"al,\u0103l\">al<\/span><span> corpului de auto-corectare <\/span><span class=\"word\" data-words=\"\u0219i,si\">\u0219i<\/span><span> auto-vindecare, <\/span><span class=\"word\" data-words=\"\u0219i,si\">\u0219i<\/span><span> mecanismul individual de <\/span><span class=\"word\" data-words=\"\u00eens\u0103n\u0103to\u0219ire,insanatosire\">\u00eens\u0103n\u0103to\u0219ire<\/span><span> <\/span><span class=\"word modified\" data-words=\"natural\u0103,naturala\">natural\u0103<\/span><span>. Se <\/span><span class=\"word\" data-words=\"adreseaz\u0103,adreseaza\">adreseaz\u0103<\/span><span> <\/span><span class=\"word\" data-words=\"at\u00e2t,a\u021b\u00e2\u021b,atat\">at\u00e2t<\/span><span> persoanelor cu probleme de <\/span><span class=\"word\" data-words=\"s\u0103n\u0103tate,sanatate\">s\u0103n\u0103tate<\/span><span> dar <\/span><span class=\"word\" data-words=\"\u0219i,si\">\u0219i<\/span><span> persoanelor care vor <\/span><span class=\"word\" data-words=\"s\u0103,sa,\u0219a\">s\u0103<\/span><span>&#8211;<\/span><span class=\"word\" data-words=\"\u0219i,si\">\u0219i<\/span><span> <\/span><span class=\"word\" data-words=\"p\u0103streze,pastreze\">p\u0103streze<\/span><span> un tonus de <\/span><span class=\"word\" data-words=\"via\u021b\u0103,via\u021ba,viata\">via\u021b\u0103<\/span><span> normal, <\/span><span class=\"word\" data-words=\"s\u0103,sa,\u0219a\">s\u0103<\/span><span> <\/span><span class=\"word\" data-words=\"fac\u0103,faca\">fac\u0103<\/span><span> <\/span><span class=\"word modified\" data-words=\"fata,fat\u0103,fa\u021ba,fa\u021b\u0103,f\u0103ta,f\u0103t\u0103,f\u0103\u021ba,f\u0103\u021b\u0103,f\u00e2\u021ba,f\u00e2\u021b\u0103\">fa\u021b\u0103<\/span><span> stresului zilnic <\/span><span class=\"word\" data-words=\"mai,m\u0103i,m\u00e2i\">mai<\/span><span> <\/span><span class=\"word\" data-words=\"u\u0219or,usor\">u\u0219or<\/span><span>. E <\/span><span class=\"word modified\" data-words=\"adecvat\u0103,adecvata\">adecvat\u0103<\/span><span> tuturor grupelor de <\/span><span class=\"word\" data-words=\"via\u021b\u0103,via\u021ba,viata\">via\u021b\u0103<\/span><span> de <\/span><span class=\"word\" data-words=\"la,l\u0103\">la<\/span><span> nou-<\/span><span class=\"word\" data-words=\"n\u0103scut,nascut\">n\u0103scut<\/span><span>, <\/span><span class=\"word\" data-words=\"la,l\u0103\">la<\/span><span> <\/span><span class=\"word\" data-words=\"v\u00e2rst\u0103,v\u00e2rsta,varsta\">v\u00e2rst\u0103<\/span><span> a treia.<\/span><\/p>\n<p>[\/et_pb_blurb][et_pb_button button_url=&#8221;http:\/\/craniosacral.ro\/w\/terapia-cranio-sacrala\/&#8221; button_text=&#8221;Cite\u0219te mai mult&#8230;&#8221; _builder_version=&#8221;4.9.0&#8243; _module_preset=&#8221;default&#8221; custom_button=&#8221;on&#8221; button_text_size=&#8221;16px&#8221; button_text_color=&#8221;#000000&#8243; button_border_radius=&#8221;100px&#8221;][\/et_pb_button][\/et_pb_column][et_pb_column type=&#8221;1_2&#8243; _builder_version=&#8221;4.9.0&#8243; _module_preset=&#8221;default&#8221;][et_pb_blurb title=&#8221;Eliberarea Somato Emo\u021bional\u0103&#8221; image=&#8221;http:\/\/craniosacral.ro\/w\/wp-content\/uploads\/2021\/02\/t-somato-emotional-350&#215;220-1.jpg&#8221; _builder_version=&#8221;4.9.0&#8243; _module_preset=&#8221;default&#8221; hover_enabled=&#8221;0&#8243; sticky_enabled=&#8221;0&#8243;]<\/p>\n<p><span>Eliberarea SomatoEmo\u021bional\u0103 este o <\/span><span class=\"word modified\" data-words=\"tehnic\u0103,tehnica\">tehnic\u0103<\/span><span> <\/span><span class=\"word modified\" data-words=\"dezvoltat\u0103,dezvoltata\">dezvoltat\u0103<\/span><span> de Dr. John Upledger, care permite <\/span><span class=\"word\" data-words=\"at\u00e2t,a\u021b\u00e2\u021b,atat\">at\u00e2t<\/span><span> <\/span><span class=\"word\" data-words=\"eliber\u0103ri,eliberari\">eliber\u0103ri<\/span><span> ale <\/span><span class=\"word\" data-words=\"restric\u021biilor,restrictiilor\">restric\u021biilor<\/span><span> de <\/span><span class=\"word\" data-words=\"la,l\u0103\">la<\/span><span> nivel fizic, <\/span><span class=\"word\" data-words=\"c\u00e2t,c\u0103t,c\u0103\u021b,cat\">c\u00e2t<\/span><span> <\/span><span class=\"word\" data-words=\"\u0219i,si\">\u0219i<\/span><span> <\/span><span class=\"word\" data-words=\"eliber\u0103ri,eliberari\">eliber\u0103ri<\/span><span> semnificative ale componetelor <\/span><span class=\"word\" data-words=\"emo\u021bionale,emotionale\">emo\u021bionale<\/span><span> <\/span><span class=\"word\" data-words=\"\u00eencapsulate,incapsulate\">\u00eencapsulate<\/span><span> <\/span><span class=\"word\" data-words=\"\u00een,in\">\u00een<\/span><span> <\/span><span class=\"word\" data-words=\"\u021besutul,tesutul\">\u021besutul<\/span><span> corpului.<\/span><\/p>\n<p>[\/et_pb_blurb][et_pb_button button_url=&#8221;http:\/\/craniosacral.ro\/w\/eliberarea-somato-emotionala\/&#8221; button_text=&#8221;Cite\u0219te mai mult&#8230;&#8221; _builder_version=&#8221;4.9.0&#8243; _module_preset=&#8221;default&#8221; custom_button=&#8221;on&#8221; button_text_size=&#8221;16px&#8221; button_text_color=&#8221;#000000&#8243; button_border_radius=&#8221;100px&#8221;][\/et_pb_button][\/et_pb_column][\/et_pb_row][et_pb_row column_structure=&#8221;1_2,1_2&#8243; _builder_version=&#8221;4.9.0&#8243; _module_preset=&#8221;default&#8221;][et_pb_column type=&#8221;1_2&#8243; _builder_version=&#8221;4.9.0&#8243; _module_preset=&#8221;default&#8221;][et_pb_blurb title=&#8221;Terapia cu m\u00e2ini multiple&#8221; image=&#8221;http:\/\/craniosacral.ro\/w\/wp-content\/uploads\/2021\/02\/t-maini-multiple-350&#215;220-1.jpg&#8221; _builder_version=&#8221;4.9.0&#8243; _module_preset=&#8221;default&#8221;]<\/p>\n<p><span>Terapia cu <\/span><span class=\"word\" data-words=\"m\u00e2ini,maini\">m\u00e2ini<\/span><span> multiple nu e altceva <\/span><span class=\"word\" data-words=\"dec\u00e2t,decat\">dec\u00e2t<\/span><span> o <\/span><span class=\"word\" data-words=\"\u0219edin\u021b\u0103,\u0219edin\u021ba,sedinta\">\u0219edin\u021b\u0103<\/span><span> <\/span><span class=\"word\" data-words=\"\u00een,in\">\u00een<\/span><span> care <\/span><span class=\"word\" data-words=\"mai,m\u0103i,m\u00e2i\">mai<\/span><span> <\/span><span class=\"word\" data-words=\"mul\u021bi,multi\">mul\u021bi<\/span><span> <\/span><span class=\"word\" data-words=\"terapeu\u021bi,terapeuti\">terapeu\u021bi<\/span><span> <\/span><span class=\"word\" data-words=\"lucreaz\u0103,lucreaza\">lucreaz\u0103<\/span><span> simultan cu un pacient\/client. Ea se <\/span><span class=\"word\" data-words=\"folose\u0219te,foloseste\">folose\u0219te<\/span><span> <\/span><span class=\"word\" data-words=\"\u00een,in\">\u00een<\/span><span> cazuri <\/span><span class=\"word\" data-words=\"mai,m\u0103i,m\u00e2i\">mai<\/span><span> grave, eficacitatea tratamentului <\/span><span class=\"word\" data-words=\"cresc\u00e2nd,crescand\">cresc\u00e2nd<\/span><span> <\/span><span class=\"word\" data-words=\"exponen\u021bial,exponential\">exponen\u021bial<\/span><span>.<\/span><\/p>\n<p>[\/et_pb_blurb][et_pb_button button_url=&#8221;http:\/\/craniosacral.ro\/w\/terapia-cu-maini-multiple\/&#8221; button_text=&#8221;Cite\u0219te mai mult&#8230;&#8221; _builder_version=&#8221;4.9.0&#8243; _module_preset=&#8221;default&#8221; custom_button=&#8221;on&#8221; button_text_size=&#8221;16px&#8221; button_text_color=&#8221;#000000&#8243; button_border_radius=&#8221;100px&#8221;][\/et_pb_button][\/et_pb_column][et_pb_column type=&#8221;1_2&#8243; _builder_version=&#8221;4.9.0&#8243; _module_preset=&#8221;default&#8221;][et_pb_blurb title=&#8221;Terapia \u00een ap\u0103&#8221; image=&#8221;http:\/\/craniosacral.ro\/w\/wp-content\/uploads\/2021\/02\/t-in-apa-350&#215;220-1.jpg&#8221; _builder_version=&#8221;4.9.0&#8243; _module_preset=&#8221;default&#8221;]<\/p>\n<p><span>Terapia <\/span><span class=\"word\" data-words=\"\u00een,in\">\u00een<\/span><span> <\/span><span class=\"word\" data-words=\"apa,ap\u0103\">apa<\/span><span> este o <\/span><span class=\"word\" data-words=\"\u0219edin\u021b\u0103,\u0219edin\u021ba,sedinta\">\u0219edin\u021b\u0103<\/span><span> <\/span><span class=\"word\" data-words=\"\u00een,in\">\u00een<\/span><span> care tehnicile CranioSacrale <\/span><span class=\"word\" data-words=\"sunt,\u0219unt\">sunt<\/span><span> aplicate de doi <\/span><span class=\"word\" data-words=\"sau,s\u0103u,\u0219au\">sau<\/span><span> <\/span><span class=\"word\" data-words=\"mai,m\u0103i,m\u00e2i\">mai<\/span><span> <\/span><span class=\"word\" data-words=\"mul\u021bi,multi\">mul\u021bi<\/span><span> <\/span><span class=\"word\" data-words=\"terapeu\u021bi,terapeuti\">terapeu\u021bi<\/span><span>, pe pacientul\/ clientul <\/span><span class=\"word\" data-words=\"sus\u021binut,sustinut\">sus\u021binut<\/span><span> <\/span><span class=\"word\" data-words=\"\u00een,in\">\u00een<\/span><span> stare de plutire <\/span><span class=\"word\" data-words=\"\u00een,in\">\u00een<\/span><span> <\/span><span class=\"word modified\" data-words=\"apa,ap\u0103\">ap\u0103<\/span><span>. Are efect terapeutic <\/span><span class=\"word\" data-words=\"\u00een,in\">\u00een<\/span><span> special <\/span><span class=\"word\" data-words=\"\u00een,in\">\u00een<\/span><span> cazuri de recuperare post-operatoriu, post-traumatic, <\/span><span class=\"word\" data-words=\"\u00een,in\">\u00een<\/span><span> <\/span><span class=\"word\" data-words=\"afec\u021biuni,afectiuni\">afec\u021biuni<\/span><span> neuro-motorii, dar se poate <\/span><span class=\"word\" data-words=\"utiliz\u0103,utiliza\">utiliza<\/span><span> <\/span><span class=\"word\" data-words=\"\u0219i,si\">\u0219i<\/span><span> <\/span><span class=\"word\" data-words=\"\u00een,in\">\u00een<\/span><span> <\/span><span class=\"word\" data-words=\"scop,\u0219cop\">scop<\/span><span> de relaxare.<\/span><\/p>\n<p>[\/et_pb_blurb][et_pb_button button_url=&#8221;http:\/\/craniosacral.ro\/w\/terapia-in-apa\/&#8221; button_text=&#8221;Cite\u0219te mai mult&#8230;&#8221; _builder_version=&#8221;4.9.0&#8243; _module_preset=&#8221;default&#8221; custom_button=&#8221;on&#8221; button_text_size=&#8221;16px&#8221; button_text_color=&#8221;#000000&#8243; button_border_radius=&#8221;100px&#8221;][\/et_pb_button][\/et_pb_column][\/et_pb_row][et_pb_row column_structure=&#8221;1_2,1_2&#8243; _builder_version=&#8221;4.9.0&#8243; _module_preset=&#8221;default&#8221;][et_pb_column type=&#8221;1_2&#8243; _builder_version=&#8221;4.9.0&#8243; _module_preset=&#8221;default&#8221;][et_pb_blurb title=&#8221;Cum decurge o \u0219edin\u021b\u0103&#8221; image=&#8221;http:\/\/craniosacral.ro\/w\/wp-content\/uploads\/2021\/02\/t-sedinta-350&#215;220-1.jpg&#8221; _builder_version=&#8221;4.9.0&#8243; _module_preset=&#8221;default&#8221;]<\/p>\n<p><span>Folosind o atingere <\/span><span class=\"word\" data-words=\"bl\u00e2nd\u0103,bl\u00e2nda,blanda\">bl\u00e2nd\u0103<\/span><span>, terapeutul <\/span><span class=\"word\" data-words=\"elibereaz\u0103,elibereaza\">elibereaz\u0103<\/span><span> <\/span><span class=\"word\" data-words=\"restric\u021biile,restrictiile\">restric\u021biile<\/span><span> din sistemul craniosacral, ceea ce duce <\/span><span class=\"word\" data-words=\"la,l\u0103\">la<\/span><span> <\/span><span class=\"word\" data-words=\"\u00eembun\u0103t\u0103\u021birea,imbunatatirea\">\u00eembun\u0103t\u0103\u021birea<\/span><span> <\/span><span class=\"word\" data-words=\"func\u021bionarii,func\u021bion\u0103rii,functionarii\">func\u021bionarii<\/span><span> sistemului nervos central.<\/span><\/p>\n<p>[\/et_pb_blurb][et_pb_button button_url=&#8221;http:\/\/craniosacral.ro\/w\/cum-decurge-o-sedinta\/&#8221; button_text=&#8221;Cite\u0219te mai mult&#8230;&#8221; _builder_version=&#8221;4.9.0&#8243; _module_preset=&#8221;default&#8221; custom_button=&#8221;on&#8221; button_text_size=&#8221;16px&#8221; button_text_color=&#8221;#000000&#8243; button_border_radius=&#8221;100px&#8221;][\/et_pb_button][\/et_pb_column][et_pb_column type=&#8221;1_2&#8243; _builder_version=&#8221;4.9.0&#8243; _module_preset=&#8221;default&#8221;][et_pb_blurb title=&#8221;Beneficii&#8221; image=&#8221;http:\/\/craniosacral.ro\/w\/wp-content\/uploads\/2021\/02\/t-beneficii-350&#215;220-1.jpg&#8221; _builder_version=&#8221;4.9.0&#8243; _module_preset=&#8221;default&#8221;]<\/p>\n<p><span>Terapia CranioSacral\u0103 se <\/span><span class=\"word\" data-words=\"adreseaz\u0103,adreseaza\">adreseaz\u0103<\/span><span> <\/span><span class=\"word\" data-words=\"at\u00e2t,a\u021b\u00e2\u021b,atat\">at\u00e2t<\/span><span> persoanelor cu probleme de <\/span><span class=\"word\" data-words=\"s\u0103n\u0103tate,sanatate\">s\u0103n\u0103tate<\/span><span>, <\/span><span class=\"word\" data-words=\"c\u00e2t,c\u0103t,c\u0103\u021b,cat\">c\u00e2t<\/span><span> <\/span><span class=\"word\" data-words=\"\u0219i,si\">\u0219i<\/span><span> persoanelor care vor <\/span><span class=\"word\" data-words=\"s\u0103,sa,\u0219a\">s\u0103<\/span><span>&#8211;<\/span><span class=\"word\" data-words=\"\u0219i,si\">\u0219i<\/span><span> <\/span><span class=\"word\" data-words=\"p\u0103streze,pastreze\">p\u0103streze<\/span><span> un tonus de <\/span><span class=\"word\" data-words=\"via\u021b\u0103,via\u021ba,viata\">via\u021b\u0103<\/span><span> normal, <\/span><span class=\"word\" data-words=\"s\u0103,sa,\u0219a\">s\u0103<\/span><span> <\/span><span class=\"word\" data-words=\"fac\u0103,faca\">fac\u0103<\/span><span> <\/span><span class=\"word modified\" data-words=\"fata,fat\u0103,fa\u021ba,fa\u021b\u0103,f\u0103ta,f\u0103t\u0103,f\u0103\u021ba,f\u0103\u021b\u0103,f\u00e2\u021ba,f\u00e2\u021b\u0103\">fa\u021b\u0103<\/span><span> stresului zilnic <\/span><span class=\"word\" data-words=\"mai,m\u0103i,m\u00e2i\">mai<\/span><span> <\/span><span class=\"word\" data-words=\"u\u0219or,usor\">u\u0219or<\/span><span>. E <\/span><span class=\"word modified\" data-words=\"adecvat\u0103,adecvata\">adecvat\u0103<\/span><span> tuturor grupelor de <\/span><span class=\"word\" data-words=\"via\u021b\u0103,via\u021ba,viata\">via\u021b\u0103<\/span><span> de <\/span><span class=\"word\" data-words=\"la,l\u0103\">la<\/span><span> nou-<\/span><span class=\"word\" data-words=\"n\u0103scut,nascut\">n\u0103scut<\/span><span>, <\/span><span class=\"word\" data-words=\"la,l\u0103\">la<\/span><span> <\/span><span class=\"word\" data-words=\"v\u00e2rst\u0103,v\u00e2rsta,varsta\">v\u00e2rst\u0103<\/span><span> a treia.<\/span><\/p>\n<p>[\/et_pb_blurb][et_pb_button button_url=&#8221;http:\/\/craniosacral.ro\/w\/beneficii\/&#8221; button_text=&#8221;Cite\u0219te mai mult&#8230;&#8221; _builder_version=&#8221;4.9.0&#8243; _module_preset=&#8221;default&#8221; custom_button=&#8221;on&#8221; button_text_size=&#8221;16px&#8221; button_text_color=&#8221;#000000&#8243; button_border_radius=&#8221;100px&#8221;][\/et_pb_button][\/et_pb_column][\/et_pb_row][\/et_pb_section]<\/p>\n","protected":false},"excerpt":{"rendered":"<p>Terapia CranioSacral\u0103 cuprinde o multitudine de tehnici manuale care stimuleaz\u0103 procesul natural al corpului de auto-corectare \u0219i auto-vindecare, \u0219i mecanismul individual de \u00eens\u0103n\u0103to\u0219ire natural\u0103. Se adreseaz\u0103 at\u00e2t persoanelor cu probleme de s\u0103n\u0103tate dar \u0219i persoanelor care vor s\u0103-\u0219i p\u0103streze un tonus de via\u021b\u0103 normal, s\u0103 fac\u0103 fa\u021b\u0103 stresului zilnic mai u\u0219or. E adecvat\u0103 tuturor grupelor [&hellip;]<\/p>\n","protected":false},"author":1,"featured_media":0,"parent":0,"menu_order":0,"comment_status":"closed","ping_status":"closed","template":"","meta":{"_et_pb_use_builder":"on","_et_pb_old_content":"<!-- wp:divi\/placeholder \/-->","_et_gb_content_width":"","footnotes":""},"class_list":["post-53","page","type-page","status-publish","hentry"],"_links":{"self":[{"href":"https:\/\/craniosacral.ro\/w\/wp-json\/wp\/v2\/pages\/53","targetHints":{"allow":["GET"]}}],"collection":[{"href":"https:\/\/craniosacral.ro\/w\/wp-json\/wp\/v2\/pages"}],"about":[{"href":"https:\/\/craniosacral.ro\/w\/wp-json\/wp\/v2\/types\/page"}],"author":[{"embeddable":true,"href":"https:\/\/craniosacral.ro\/w\/wp-json\/wp\/v2\/users\/1"}],"replies":[{"embeddable":true,"href":"https:\/\/craniosacral.ro\/w\/wp-json\/wp\/v2\/comments?post=53"}],"version-history":[{"count":0,"href":"https:\/\/craniosacral.ro\/w\/wp-json\/wp\/v2\/pages\/53\/revisions"}],"wp:attachment":[{"href":"https:\/\/craniosacral.ro\/w\/wp-json\/wp\/v2\/media?parent=53"}],"curies":[{"name":"wp","href":"https:\/\/api.w.org\/{rel}","templated":true}]}}