{"id":14,"date":"2021-02-22T10:36:29","date_gmt":"2021-02-22T08:36:29","guid":{"rendered":"http:\/\/craniosacral.ro\/w\/?page_id=14"},"modified":"2024-07-19T13:23:05","modified_gmt":"2024-07-19T11:23:05","slug":"acasa","status":"publish","type":"page","link":"https:\/\/craniosacral.ro\/w\/","title":{"rendered":"Acas\u0103"},"content":{"rendered":"<p>[et_pb_section fb_built=&#8221;1&#8243; _builder_version=&#8221;4.16&#8243; _module_preset=&#8221;default&#8221; global_colors_info=&#8221;{}&#8221;][et_pb_row _builder_version=&#8221;4.16&#8243; _module_preset=&#8221;default&#8221; global_colors_info=&#8221;{}&#8221;][et_pb_column type=&#8221;4_4&#8243; _builder_version=&#8221;4.16&#8243; _module_preset=&#8221;default&#8221; global_colors_info=&#8221;{}&#8221;][et_pb_text _builder_version=&#8221;4.16&#8243; _module_preset=&#8221;default&#8221; global_colors_info=&#8221;{}&#8221;]<\/p>\n<p><span class=\"word modified\" data-words=\"Dorin\u021b\u0103,Dorin\u021ba,Dorinta\">Dorin\u021ba<\/span><span> mea <\/span><span class=\"word\" data-words=\"ad\u00e2nc\u0103,ad\u00e2nca,adanca\">ad\u00e2nc\u0103<\/span><span> este <\/span><span class=\"word modified\" data-words=\"c\u0103,ca\">ca<\/span><span> oamenii <\/span><span class=\"word\" data-words=\"s\u0103,sa,\u0219a\">s\u0103<\/span><span> <\/span><span class=\"word\" data-words=\"ajung\u0103,ajunga\">ajung\u0103<\/span><span> <\/span><span class=\"word\" data-words=\"s\u0103,sa,\u0219a\">s\u0103<\/span><span> <\/span><span class=\"word\" data-words=\"\u00een\u021beleag\u0103,inteleaga\">\u00een\u021beleag\u0103<\/span><span> <\/span><span class=\"word\" data-words=\"c\u0103,ca\">c\u0103<\/span><span> trebuie <\/span><span class=\"word\" data-words=\"s\u0103,sa,\u0219a\">s\u0103<\/span><span> ne iubim reciproc. <\/span><\/p>\n<p><span class=\"word modified\" data-words=\"Daca,Dac\u0103,D\u00e2ca,D\u00e2c\u0103\">Dac\u0103<\/span><span> atingi o <\/span><span class=\"word modified\" data-words=\"persoan\u0103,persoana\">persoan\u0103<\/span><span> pentru a o <\/span><span class=\"word\" data-words=\"ajut\u0103,ajuta\">ajuta<\/span><span> <\/span><span class=\"word\" data-words=\"s\u0103,sa,\u0219a\">s\u0103<\/span><span> se <\/span><span class=\"word modified\" data-words=\"sim\u021b\u0103,simt\u0103,simta\">simt\u0103<\/span><span> bine, atunci iubirea trebuie <\/span><span class=\"word\" data-words=\"s\u0103,sa,\u0219a\">s\u0103<\/span><span> <\/span><span class=\"word\" data-words=\"treac\u0103,treaca\">treac\u0103<\/span><span> prin acele palme.<\/span><\/p>\n<p><strong>Dr. John Upledger<\/strong><\/p>\n<p>[\/et_pb_text][\/et_pb_column][\/et_pb_row][et_pb_row column_structure=&#8221;1_4,1_4,1_4,1_4&#8243; use_custom_gutter=&#8221;on&#8221; gutter_width=&#8221;1&#8243; make_equal=&#8221;on&#8221; _builder_version=&#8221;4.16&#8243; _module_preset=&#8221;default&#8221; global_colors_info=&#8221;{}&#8221;][et_pb_column type=&#8221;1_4&#8243; _builder_version=&#8221;4.16&#8243; _module_preset=&#8221;default&#8221; global_colors_info=&#8221;{}&#8221;][et_pb_blurb title=&#8221;Terapia Cranio Sacral\u0103&#8221; url=&#8221;https:\/\/craniosacral.ro\/w\/terapia-cranio-sacrala\/&#8221; image=&#8221;https:\/\/craniosacral.ro\/w\/wp-content\/uploads\/2021\/02\/Webp.net-resizeimage.jpg&#8221; _builder_version=&#8221;4.16&#8243; _module_preset=&#8221;default&#8221; header_text_align=&#8221;center&#8221; box_shadow_style_image=&#8221;preset2&#8243; global_colors_info=&#8221;{}&#8221;][\/et_pb_blurb][\/et_pb_column][et_pb_column type=&#8221;1_4&#8243; _builder_version=&#8221;4.16&#8243; _module_preset=&#8221;default&#8221; global_colors_info=&#8221;{}&#8221;][et_pb_blurb title=&#8221;Eliberarea Somato Emo\u021bional\u0103&#8221; url=&#8221;https:\/\/craniosacral.ro\/w\/eliberarea-somato-emotionala\/&#8221; image=&#8221;https:\/\/craniosacral.ro\/w\/wp-content\/uploads\/2021\/02\/i-terapii-eliberare-se.jpg&#8221; _builder_version=&#8221;4.16&#8243; _module_preset=&#8221;default&#8221; header_text_align=&#8221;center&#8221; box_shadow_style_image=&#8221;preset2&#8243; global_colors_info=&#8221;{}&#8221;][\/et_pb_blurb][\/et_pb_column][et_pb_column type=&#8221;1_4&#8243; _builder_version=&#8221;4.16&#8243; _module_preset=&#8221;default&#8221; global_colors_info=&#8221;{}&#8221;][et_pb_blurb title=&#8221;Terapia cu m\u00e2ini multiple&#8221; url=&#8221;https:\/\/craniosacral.ro\/w\/terapia-cu-maini-multiple\/&#8221; image=&#8221;https:\/\/craniosacral.ro\/w\/wp-content\/uploads\/2021\/02\/i-terapii-maini.jpg&#8221; _builder_version=&#8221;4.16&#8243; _module_preset=&#8221;default&#8221; header_text_align=&#8221;center&#8221; box_shadow_style_image=&#8221;preset2&#8243; global_colors_info=&#8221;{}&#8221;][\/et_pb_blurb][\/et_pb_column][et_pb_column type=&#8221;1_4&#8243; _builder_version=&#8221;4.16&#8243; _module_preset=&#8221;default&#8221; global_colors_info=&#8221;{}&#8221;][et_pb_blurb title=&#8221;Terapia \u00een ap\u0103&#8221; url=&#8221;https:\/\/craniosacral.ro\/w\/terapia-in-apa\/&#8221; image=&#8221;https:\/\/craniosacral.ro\/w\/wp-content\/uploads\/2021\/02\/Webp.net-resizeimage-1.jpg&#8221; _builder_version=&#8221;4.16&#8243; _module_preset=&#8221;default&#8221; header_text_align=&#8221;center&#8221; box_shadow_style_image=&#8221;preset2&#8243; global_colors_info=&#8221;{}&#8221;][\/et_pb_blurb][\/et_pb_column][\/et_pb_row][et_pb_row column_structure=&#8221;1_3,1_3,1_3&#8243; _builder_version=&#8221;4.16&#8243; _module_preset=&#8221;default&#8221; global_colors_info=&#8221;{}&#8221;][et_pb_column type=&#8221;1_3&#8243; _builder_version=&#8221;4.16&#8243; _module_preset=&#8221;default&#8221; global_colors_info=&#8221;{}&#8221;][et_pb_cta button_url=&#8221;https:\/\/craniosacral.ro\/w\/cum-se-aplica-terapia-craniosacrala-la-copii\/&#8221; button_text=&#8221;Cite\u0219te tot&#8221; _builder_version=&#8221;4.16&#8243; _module_preset=&#8221;default&#8221; global_colors_info=&#8221;{}&#8221;]<\/p>\n<p><strong><img loading=\"lazy\" decoding=\"async\" src=\"https:\/\/craniosacral.ro\/w\/wp-content\/uploads\/2021\/02\/copii-300x184.jpg\" width=\"300\" height=\"184\" alt=\"\" class=\"wp-image-35 alignnone size-medium\" srcset=\"https:\/\/craniosacral.ro\/w\/wp-content\/uploads\/2021\/02\/copii-300x184.jpg 300w, https:\/\/craniosacral.ro\/w\/wp-content\/uploads\/2021\/02\/copii.jpg 410w\" sizes=\"(max-width: 300px) 100vw, 300px\" \/><\/strong><\/p>\n<p><strong>Cum se aplic\u0103 terapia CranioSacral\u0103 la copii<\/strong><\/p>\n<p>\u00cen general terapia pentru copil dureaz\u0103 mai pu\u021bin \u0219i e posibil s\u0103 fie efectuat\u0103 \u00eentr-o maniera mai&#8230;<\/p>\n<p>[\/et_pb_cta][\/et_pb_column][et_pb_column type=&#8221;1_3&#8243; _builder_version=&#8221;4.16&#8243; _module_preset=&#8221;default&#8221; global_colors_info=&#8221;{}&#8221;][et_pb_cta button_url=&#8221;https:\/\/craniosacral.ro\/w\/terapia-craniosacrala-un-ajutor-in-sarcina-si-nastere\/&#8221; button_text=&#8221;Cite\u0219te tot&#8221; _builder_version=&#8221;4.16&#8243; _module_preset=&#8221;default&#8221; global_colors_info=&#8221;{}&#8221;]<\/p>\n<p><strong><img loading=\"lazy\" decoding=\"async\" src=\"https:\/\/craniosacral.ro\/w\/wp-content\/uploads\/2021\/02\/gemeni-350x220-1-300x189.jpg\" width=\"300\" height=\"189\" alt=\"\" class=\"wp-image-36 alignnone size-medium\" srcset=\"https:\/\/craniosacral.ro\/w\/wp-content\/uploads\/2021\/02\/gemeni-350x220-1-300x189.jpg 300w, https:\/\/craniosacral.ro\/w\/wp-content\/uploads\/2021\/02\/gemeni-350x220-1.jpg 350w\" sizes=\"(max-width: 300px) 100vw, 300px\" \/><\/strong><\/p>\n<p><strong>Terapia CranioSacral\u0103, un ajutor <span class=\"word\" data-words=\"\u00een,in\">\u00een<\/span> <span class=\"word modified\" data-words=\"sarcina,sarcin\u0103,s\u0103rcina\">sarcin\u0103<\/span> <span class=\"word\" data-words=\"\u0219i,si\">\u0219i<\/span> <span class=\"word\" data-words=\"na\u0219tere,nastere\">na\u0219tere<\/span><\/strong><\/p>\n<p><span>Gemeni! Doctorul a spus gemeni! Ai putea crede ca o viitoare mama ar fi incantata sa auda o asemenea&#8230;<\/span><\/p>\n<p>[\/et_pb_cta][\/et_pb_column][et_pb_column type=&#8221;1_3&#8243; _builder_version=&#8221;4.16&#8243; _module_preset=&#8221;default&#8221; global_colors_info=&#8221;{}&#8221;][et_pb_divider _builder_version=&#8221;4.16&#8243; _module_preset=&#8221;default&#8221; global_colors_info=&#8221;{}&#8221;][\/et_pb_divider][et_pb_text _builder_version=&#8221;4.16&#8243; _module_preset=&#8221;default&#8221; custom_margin=&#8221;-24px|||||&#8221; global_colors_info=&#8221;{}&#8221;]<\/p>\n<h4 class=\"mar0t\">Metoda Upledger<\/h4>\n<p><strong><a href=\"https:\/\/craniosacral.ro\/#\">Dr. John Upledger<\/a><\/strong><span> a explicat <span class=\"word\" data-words=\"func\u021bionarea,functionarea\">func\u021bionarea<\/span> <span class=\"word\" data-words=\"\u0219i,si\">\u0219i<\/span> utilizarea sistemului craniosacral <span class=\"word\" data-words=\"\u00een,in\">\u00een<\/span> evaluarea <span class=\"word\" data-words=\"\u0219i,si\">\u0219i<\/span> tratarea <span class=\"word\" data-words=\"disfunc\u021biilor,disfunctiilor\">disfunc\u021biilor<\/span> creierului <span class=\"word\" data-words=\"\u0219i,si\">\u0219i<\/span> ale coloanei vertebrale.<\/span><\/p>\n<p>[\/et_pb_text][et_pb_text _builder_version=&#8221;4.27.0&#8243; _module_preset=&#8221;default&#8221; hover_enabled=&#8221;0&#8243; global_colors_info=&#8221;{}&#8221; sticky_enabled=&#8221;0&#8243;]<\/p>\n<p><strong>CSTi &#8211; Brasov 2-3 aug. 2024<\/strong><br \/><strong>CST1 &#8211; Brasov 28-31 aug. 2024<\/strong><\/p>\n<p>[\/et_pb_text][et_pb_divider _builder_version=&#8221;4.16&#8243; _module_preset=&#8221;default&#8221; custom_margin=&#8221;||20px|||&#8221; global_colors_info=&#8221;{}&#8221;][\/et_pb_divider][et_pb_text _builder_version=&#8221;4.16&#8243; _module_preset=&#8221;default&#8221; global_colors_info=&#8221;{}&#8221;]<\/p>\n<h4><strong>CSTi &#8211; Curs de Introducere \u00een Terapia CranioSacral\u0103<\/strong><\/h4>\n<p>[\/et_pb_text][et_pb_button button_url=&#8221;https:\/\/craniosacral.ro\/w\/csti-curs-de-introducere-in-terapia-craniosacrala\/&#8221; button_text=&#8221;Afl\u0103 mai multe detalii&#8230;&#8221; _builder_version=&#8221;4.16&#8243; _module_preset=&#8221;default&#8221; custom_button=&#8221;on&#8221; button_text_size=&#8221;15px&#8221; button_text_color=&#8221;#000000&#8243; global_colors_info=&#8221;{}&#8221;][\/et_pb_button][\/et_pb_column][\/et_pb_row][\/et_pb_section]<\/p>\n","protected":false},"excerpt":{"rendered":"<p>Dorin\u021ba mea ad\u00e2nc\u0103 este ca oamenii s\u0103 ajung\u0103 s\u0103 \u00een\u021beleag\u0103 c\u0103 trebuie s\u0103 ne iubim reciproc. Dac\u0103 atingi o persoan\u0103 pentru a o ajuta s\u0103 se simt\u0103 bine, atunci iubirea trebuie s\u0103 treac\u0103 prin acele palme. Dr. John Upledger Cum se aplic\u0103 terapia CranioSacral\u0103 la copii \u00cen general terapia pentru copil dureaz\u0103 mai pu\u021bin \u0219i [&hellip;]<\/p>\n","protected":false},"author":1,"featured_media":0,"parent":0,"menu_order":0,"comment_status":"closed","ping_status":"closed","template":"","meta":{"_et_pb_use_builder":"on","_et_pb_old_content":"","_et_gb_content_width":"","footnotes":""},"class_list":["post-14","page","type-page","status-publish","hentry"],"_links":{"self":[{"href":"https:\/\/craniosacral.ro\/w\/wp-json\/wp\/v2\/pages\/14","targetHints":{"allow":["GET"]}}],"collection":[{"href":"https:\/\/craniosacral.ro\/w\/wp-json\/wp\/v2\/pages"}],"about":[{"href":"https:\/\/craniosacral.ro\/w\/wp-json\/wp\/v2\/types\/page"}],"author":[{"embeddable":true,"href":"https:\/\/craniosacral.ro\/w\/wp-json\/wp\/v2\/users\/1"}],"replies":[{"embeddable":true,"href":"https:\/\/craniosacral.ro\/w\/wp-json\/wp\/v2\/comments?post=14"}],"version-history":[{"count":3,"href":"https:\/\/craniosacral.ro\/w\/wp-json\/wp\/v2\/pages\/14\/revisions"}],"predecessor-version":[{"id":911,"href":"https:\/\/craniosacral.ro\/w\/wp-json\/wp\/v2\/pages\/14\/revisions\/911"}],"wp:attachment":[{"href":"https:\/\/craniosacral.ro\/w\/wp-json\/wp\/v2\/media?parent=14"}],"curies":[{"name":"wp","href":"https:\/\/api.w.org\/{rel}","templated":true}]}}